{"id":14639,"date":"2023-09-04T14:20:56","date_gmt":"2023-09-04T12:20:56","guid":{"rendered":"https:\/\/www.oshinkan.com\/?post_type=tribe_events&#038;p=14639"},"modified":"2023-09-15T10:02:00","modified_gmt":"2023-09-15T08:02:00","slug":"stage-sumi-e-le-pin-sous-la-neige","status":"publish","type":"tribe_events","link":"https:\/\/www.oshinkan.com\/index.php\/evenement\/stage-sumi-e-le-pin-sous-la-neige\/","title":{"rendered":"Stage Sumi-e \u00ab Le Pin sous la neige \u00bb 02\/2024"},"content":{"rendered":"<p style=\"font-weight: 400; text-align: center;\"><strong>Lieu<br \/>\n<\/strong>Oshinkan 1, rue Blaja 31 500 Toulouse<\/p>\n<p style=\"font-weight: 400; text-align: center;\"><strong>Dates<br \/>\n<\/strong>Samedi 24 et Dimanche 25 f\u00e9vrier 2024<\/p>\n<p style=\"font-weight: 400; text-align: center;\"><strong>Horaires<\/strong><br \/>\nSamedi 24 f\u00e9vrier : 14h-18h<br \/>\nDimanche 25 f\u00e9vrier : 10h-17h<\/p>\n<p style=\"font-weight: 400; text-align: center;\"><strong>Participation<\/strong><br \/>\n120 euros pour les membres de Oshinkan<br \/>\n170 euros pour les non membres<\/p>\n<p style=\"font-weight: 400; text-align: center;\"><strong>Inscriptions jusqu&#8217;au 4 f\u00e9vrier 2024 : <u>claire.seika@gmail.com<br \/>\n<\/u><\/strong><\/p>\n<p style=\"font-weight: 400; text-align: center;\"><strong>Une liste de mat\u00e9riel sera fournie aux stagiaires lors de l&#8217;inscription.<\/strong><\/p>\n<p style=\"text-align: center;\">Institut de Calligraphie T\u00f4kashoin-France, \u6771\u83ef\u66f8\u9662\u30d5\u30e9\u30f3\u30b9\u652f\u90e8<br \/>\nOshinkan, 1 rue Blaja, 31 500 Toulouse<br \/>\nCourriel : claire.seika@gmail.com<\/p>\n","protected":false},"excerpt":{"rendered":"<p>Lieu Oshinkan 1, rue Blaja 31 500 Toulouse Dates Samedi 24 et Dimanche 25 f\u00e9vrier 2024 Horaires Samedi 24 f\u00e9vrier : 14h-18h Dimanche 25 f\u00e9vrier : 10h-17h Participation 120 euros [&hellip;]<\/p>\n","protected":false},"author":1,"featured_media":14641,"template":"","meta":{"_tribe_events_status":"","_tribe_events_status_reason":"","footnotes":""},"tags":[83,84,85,82],"tribe_events_cat":[45,44],"class_list":["post-14639","tribe_events","type-tribe_events","status-publish","has-post-thumbnail","hentry","tag-peinture-a-lencre","tag-stage-de-peinture-a-lencre","tag-stage-de-sumi-e","tag-sumi-e","tribe_events_cat-calendrier-general-","tribe_events_cat-calendrier-peinture-a-lencre-sumi-e-","cat_calendrier-general-","cat_calendrier-peinture-a-lencre-sumi-e-"],"yoast_head":"<!-- This site is optimized with the Yoast SEO plugin v27.4 - https:\/\/yoast.com\/product\/yoast-seo-wordpress\/ -->\n<title>Stage Sumi-e \u00ab Le Pin sous la neige \u00bb 02\/2024 - Arts martiaux calligraphie et musique japonaise Oshinkan Dojo<\/title>\n<meta name=\"robots\" content=\"index, follow, max-snippet:-1, max-image-preview:large, max-video-preview:-1\" \/>\n<link rel=\"canonical\" href=\"https:\/\/www.oshinkan.com\/index.php\/evenement\/stage-sumi-e-le-pin-sous-la-neige\/\" \/>\n<meta property=\"og:locale\" content=\"fr_FR\" \/>\n<meta property=\"og:type\" content=\"article\" \/>\n<meta property=\"og:title\" content=\"Stage Sumi-e \u00ab Le Pin sous la neige \u00bb 02\/2024 - Arts martiaux calligraphie et musique japonaise Oshinkan Dojo\" \/>\n<meta property=\"og:description\" content=\"Lieu Oshinkan 1, rue Blaja 31 500 Toulouse Dates Samedi 24 et Dimanche 25 f\u00e9vrier 2024 Horaires Samedi 24 f\u00e9vrier : 14h-18h Dimanche 25 f\u00e9vrier : 10h-17h Participation 120 euros [&hellip;]\" \/>\n<meta property=\"og:url\" content=\"https:\/\/www.oshinkan.com\/index.php\/evenement\/stage-sumi-e-le-pin-sous-la-neige\/\" \/>\n<meta property=\"og:site_name\" content=\"Arts martiaux calligraphie et musique japonaise Oshinkan Dojo\" \/>\n<meta property=\"article:modified_time\" content=\"2023-09-15T08:02:00+00:00\" \/>\n<meta property=\"og:image\" content=\"https:\/\/www.oshinkan.com\/wp-content\/uploads\/2023\/09\/YUKIMATSU-CLAIRE-SEIKA-SUMIE-2022.jpg\" \/>\n\t<meta property=\"og:image:width\" content=\"2200\" \/>\n\t<meta property=\"og:image:height\" content=\"1315\" \/>\n\t<meta property=\"og:image:type\" content=\"image\/jpeg\" \/>\n<meta name=\"twitter:card\" content=\"summary_large_image\" \/>\n<meta name=\"twitter:label1\" content=\"Dur\u00e9e de lecture estim\u00e9e\" \/>\n\t<meta name=\"twitter:data1\" content=\"1 minute\" \/>\n<script type=\"application\/ld+json\" class=\"yoast-schema-graph\">{\"@context\":\"https:\\\/\\\/schema.org\",\"@graph\":[{\"@type\":\"WebPage\",\"@id\":\"https:\\\/\\\/www.oshinkan.com\\\/index.php\\\/evenement\\\/stage-sumi-e-le-pin-sous-la-neige\\\/\",\"url\":\"https:\\\/\\\/www.oshinkan.com\\\/index.php\\\/evenement\\\/stage-sumi-e-le-pin-sous-la-neige\\\/\",\"name\":\"Stage Sumi-e \u00ab Le Pin sous la neige \u00bb 02\\\/2024 - Arts martiaux calligraphie et musique japonaise Oshinkan Dojo\",\"isPartOf\":{\"@id\":\"https:\\\/\\\/www.oshinkan.com\\\/#website\"},\"primaryImageOfPage\":{\"@id\":\"https:\\\/\\\/www.oshinkan.com\\\/index.php\\\/evenement\\\/stage-sumi-e-le-pin-sous-la-neige\\\/#primaryimage\"},\"image\":{\"@id\":\"https:\\\/\\\/www.oshinkan.com\\\/index.php\\\/evenement\\\/stage-sumi-e-le-pin-sous-la-neige\\\/#primaryimage\"},\"thumbnailUrl\":\"https:\\\/\\\/www.oshinkan.com\\\/wp-content\\\/uploads\\\/2023\\\/09\\\/YUKIMATSU-CLAIRE-SEIKA-SUMIE-2022.jpg\",\"datePublished\":\"2023-09-04T12:20:56+00:00\",\"dateModified\":\"2023-09-15T08:02:00+00:00\",\"breadcrumb\":{\"@id\":\"https:\\\/\\\/www.oshinkan.com\\\/index.php\\\/evenement\\\/stage-sumi-e-le-pin-sous-la-neige\\\/#breadcrumb\"},\"inLanguage\":\"fr-FR\",\"potentialAction\":[{\"@type\":\"ReadAction\",\"target\":[\"https:\\\/\\\/www.oshinkan.com\\\/index.php\\\/evenement\\\/stage-sumi-e-le-pin-sous-la-neige\\\/\"]}]},{\"@type\":\"ImageObject\",\"inLanguage\":\"fr-FR\",\"@id\":\"https:\\\/\\\/www.oshinkan.com\\\/index.php\\\/evenement\\\/stage-sumi-e-le-pin-sous-la-neige\\\/#primaryimage\",\"url\":\"https:\\\/\\\/www.oshinkan.com\\\/wp-content\\\/uploads\\\/2023\\\/09\\\/YUKIMATSU-CLAIRE-SEIKA-SUMIE-2022.jpg\",\"contentUrl\":\"https:\\\/\\\/www.oshinkan.com\\\/wp-content\\\/uploads\\\/2023\\\/09\\\/YUKIMATSU-CLAIRE-SEIKA-SUMIE-2022.jpg\",\"width\":2200,\"height\":1315,\"caption\":\"Le Pin sous la neige Photo \u00a9 Claire Seika\"},{\"@type\":\"BreadcrumbList\",\"@id\":\"https:\\\/\\\/www.oshinkan.com\\\/index.php\\\/evenement\\\/stage-sumi-e-le-pin-sous-la-neige\\\/#breadcrumb\",\"itemListElement\":[{\"@type\":\"ListItem\",\"position\":1,\"name\":\"Accueil\",\"item\":\"https:\\\/\\\/www.oshinkan.com\\\/\"},{\"@type\":\"ListItem\",\"position\":2,\"name\":\"\u00c9v\u00e8nements\",\"item\":\"https:\\\/\\\/www.oshinkan.com\\\/index.php\\\/evenements\\\/\"},{\"@type\":\"ListItem\",\"position\":3,\"name\":\"Stage Sumi-e \u00ab Le Pin sous la neige \u00bb 02\\\/2024\"}]},{\"@type\":\"WebSite\",\"@id\":\"https:\\\/\\\/www.oshinkan.com\\\/#website\",\"url\":\"https:\\\/\\\/www.oshinkan.com\\\/\",\"name\":\"Arts martiaux calligraphie et musique japonaise Oshinkan Dojo\",\"description\":\"\",\"potentialAction\":[{\"@type\":\"SearchAction\",\"target\":{\"@type\":\"EntryPoint\",\"urlTemplate\":\"https:\\\/\\\/www.oshinkan.com\\\/?s={search_term_string}\"},\"query-input\":{\"@type\":\"PropertyValueSpecification\",\"valueRequired\":true,\"valueName\":\"search_term_string\"}}],\"inLanguage\":\"fr-FR\"}]}<\/script>\n<!-- \/ Yoast SEO plugin. -->","yoast_head_json":{"title":"Stage Sumi-e \u00ab Le Pin sous la neige \u00bb 02\/2024 - Arts martiaux calligraphie et musique japonaise Oshinkan Dojo","robots":{"index":"index","follow":"follow","max-snippet":"max-snippet:-1","max-image-preview":"max-image-preview:large","max-video-preview":"max-video-preview:-1"},"canonical":"https:\/\/www.oshinkan.com\/index.php\/evenement\/stage-sumi-e-le-pin-sous-la-neige\/","og_locale":"fr_FR","og_type":"article","og_title":"Stage Sumi-e \u00ab Le Pin sous la neige \u00bb 02\/2024 - Arts martiaux calligraphie et musique japonaise Oshinkan Dojo","og_description":"Lieu Oshinkan 1, rue Blaja 31 500 Toulouse Dates Samedi 24 et Dimanche 25 f\u00e9vrier 2024 Horaires Samedi 24 f\u00e9vrier : 14h-18h Dimanche 25 f\u00e9vrier : 10h-17h Participation 120 euros [&hellip;]","og_url":"https:\/\/www.oshinkan.com\/index.php\/evenement\/stage-sumi-e-le-pin-sous-la-neige\/","og_site_name":"Arts martiaux calligraphie et musique japonaise Oshinkan Dojo","article_modified_time":"2023-09-15T08:02:00+00:00","og_image":[{"width":2200,"height":1315,"url":"https:\/\/www.oshinkan.com\/wp-content\/uploads\/2023\/09\/YUKIMATSU-CLAIRE-SEIKA-SUMIE-2022.jpg","type":"image\/jpeg"}],"twitter_card":"summary_large_image","twitter_misc":{"Dur\u00e9e de lecture estim\u00e9e":"1 minute"},"schema":{"@context":"https:\/\/schema.org","@graph":[{"@type":"WebPage","@id":"https:\/\/www.oshinkan.com\/index.php\/evenement\/stage-sumi-e-le-pin-sous-la-neige\/","url":"https:\/\/www.oshinkan.com\/index.php\/evenement\/stage-sumi-e-le-pin-sous-la-neige\/","name":"Stage Sumi-e \u00ab Le Pin sous la neige \u00bb 02\/2024 - Arts martiaux calligraphie et musique japonaise Oshinkan Dojo","isPartOf":{"@id":"https:\/\/www.oshinkan.com\/#website"},"primaryImageOfPage":{"@id":"https:\/\/www.oshinkan.com\/index.php\/evenement\/stage-sumi-e-le-pin-sous-la-neige\/#primaryimage"},"image":{"@id":"https:\/\/www.oshinkan.com\/index.php\/evenement\/stage-sumi-e-le-pin-sous-la-neige\/#primaryimage"},"thumbnailUrl":"https:\/\/www.oshinkan.com\/wp-content\/uploads\/2023\/09\/YUKIMATSU-CLAIRE-SEIKA-SUMIE-2022.jpg","datePublished":"2023-09-04T12:20:56+00:00","dateModified":"2023-09-15T08:02:00+00:00","breadcrumb":{"@id":"https:\/\/www.oshinkan.com\/index.php\/evenement\/stage-sumi-e-le-pin-sous-la-neige\/#breadcrumb"},"inLanguage":"fr-FR","potentialAction":[{"@type":"ReadAction","target":["https:\/\/www.oshinkan.com\/index.php\/evenement\/stage-sumi-e-le-pin-sous-la-neige\/"]}]},{"@type":"ImageObject","inLanguage":"fr-FR","@id":"https:\/\/www.oshinkan.com\/index.php\/evenement\/stage-sumi-e-le-pin-sous-la-neige\/#primaryimage","url":"https:\/\/www.oshinkan.com\/wp-content\/uploads\/2023\/09\/YUKIMATSU-CLAIRE-SEIKA-SUMIE-2022.jpg","contentUrl":"https:\/\/www.oshinkan.com\/wp-content\/uploads\/2023\/09\/YUKIMATSU-CLAIRE-SEIKA-SUMIE-2022.jpg","width":2200,"height":1315,"caption":"Le Pin sous la neige Photo \u00a9 Claire Seika"},{"@type":"BreadcrumbList","@id":"https:\/\/www.oshinkan.com\/index.php\/evenement\/stage-sumi-e-le-pin-sous-la-neige\/#breadcrumb","itemListElement":[{"@type":"ListItem","position":1,"name":"Accueil","item":"https:\/\/www.oshinkan.com\/"},{"@type":"ListItem","position":2,"name":"\u00c9v\u00e8nements","item":"https:\/\/www.oshinkan.com\/index.php\/evenements\/"},{"@type":"ListItem","position":3,"name":"Stage Sumi-e \u00ab Le Pin sous la neige \u00bb 02\/2024"}]},{"@type":"WebSite","@id":"https:\/\/www.oshinkan.com\/#website","url":"https:\/\/www.oshinkan.com\/","name":"Arts martiaux calligraphie et musique japonaise Oshinkan Dojo","description":"","potentialAction":[{"@type":"SearchAction","target":{"@type":"EntryPoint","urlTemplate":"https:\/\/www.oshinkan.com\/?s={search_term_string}"},"query-input":{"@type":"PropertyValueSpecification","valueRequired":true,"valueName":"search_term_string"}}],"inLanguage":"fr-FR"}]}},"_links":{"self":[{"href":"https:\/\/www.oshinkan.com\/index.php\/wp-json\/wp\/v2\/tribe_events\/14639","targetHints":{"allow":["GET"]}}],"collection":[{"href":"https:\/\/www.oshinkan.com\/index.php\/wp-json\/wp\/v2\/tribe_events"}],"about":[{"href":"https:\/\/www.oshinkan.com\/index.php\/wp-json\/wp\/v2\/types\/tribe_events"}],"author":[{"embeddable":true,"href":"https:\/\/www.oshinkan.com\/index.php\/wp-json\/wp\/v2\/users\/1"}],"version-history":[{"count":7,"href":"https:\/\/www.oshinkan.com\/index.php\/wp-json\/wp\/v2\/tribe_events\/14639\/revisions"}],"predecessor-version":[{"id":14691,"href":"https:\/\/www.oshinkan.com\/index.php\/wp-json\/wp\/v2\/tribe_events\/14639\/revisions\/14691"}],"wp:featuredmedia":[{"embeddable":true,"href":"https:\/\/www.oshinkan.com\/index.php\/wp-json\/wp\/v2\/media\/14641"}],"wp:attachment":[{"href":"https:\/\/www.oshinkan.com\/index.php\/wp-json\/wp\/v2\/media?parent=14639"}],"wp:term":[{"taxonomy":"post_tag","embeddable":true,"href":"https:\/\/www.oshinkan.com\/index.php\/wp-json\/wp\/v2\/tags?post=14639"},{"taxonomy":"tribe_events_cat","embeddable":true,"href":"https:\/\/www.oshinkan.com\/index.php\/wp-json\/wp\/v2\/tribe_events_cat?post=14639"}],"curies":[{"name":"wp","href":"https:\/\/api.w.org\/{rel}","templated":true}]}}